{"id":29118,"date":"2023-04-17T10:11:43","date_gmt":"2023-04-17T08:11:43","guid":{"rendered":"https:\/\/valantabisuteria.com\/?post_type=product&#038;p=29118"},"modified":"2025-08-07T19:19:50","modified_gmt":"2025-08-07T17:19:50","slug":"gargantilla-corazon-purpura","status":"publish","type":"product","link":"https:\/\/www.valantabisuteria.com\/en\/product\/gargantilla-corazon-purpura\/","title":{"rendered":"Gargantilla acero con coraz\u00f3n amatista"},"content":{"rendered":"<p>Collar gargantilla plateada vintage con doble cadena en forma de flor y adorno coraz\u00f3n con mineral amatista<\/p>\n<p>Largo cadena: 45cm m\u00e1s extensi\u00f3n<\/p>\n<p>Medida pieza: 1x2cm<\/p>\n<p>REF: LI7<\/p>\n<p>&nbsp;<\/p>\n","protected":false},"excerpt":{"rendered":"<p>Gargantilla vintage en acero plateado con doble cadena en forma de flor y adorno coraz\u00f3n con mineral amatista.<\/p>\n<p>Al elegir esta pieza, creas tu propio talism\u00e1n. Te acompa\u00f1ar\u00e1 y te recordar\u00e1 los momentos m\u00e1s significativos de tu vida.<\/p>\n<p>Largo cadena: 45cm m\u00e1s extensi\u00f3n<\/p>\n<p>Medida pieza: 1x2cm<\/p>\n<p>REF: LI7<\/p>\n<p><span style=\"color: #ffcc99;\">\u00bf Cual es t\u00fa actitud ? positiva, clara y sin miedos<\/span><\/p>\n<p>&nbsp;<\/p>\n","protected":false},"featured_media":29119,"template":"","meta":{"_joinchat":{"message_text":"Visita mi web"}},"product_brand":[],"product_cat":[156,151],"product_tag":[],"class_list":{"0":"post-29118","1":"product","2":"type-product","3":"status-publish","4":"has-post-thumbnail","6":"product_cat-collares","7":"product_cat-linka","10":"first","11":"instock","12":"shipping-taxable","13":"purchasable","14":"product-type-simple"},"yoast_head":"<!-- This site is optimized with the Yoast SEO plugin v27.2 - https:\/\/yoast.com\/product\/yoast-seo-wordpress\/ -->\n<title>ComprarGargantilla acero con coraz\u00f3n amatista | Valanta Bisuter\u00eda<\/title>\n<meta name=\"robots\" content=\"index, follow, max-snippet:-1, max-image-preview:large, max-video-preview:-1\" \/>\n<link rel=\"canonical\" href=\"https:\/\/www.valantabisuteria.com\/product\/gargantilla-corazon-purpura\/\" \/>\n<meta property=\"og:locale\" content=\"en_US\" \/>\n<meta property=\"og:type\" content=\"article\" \/>\n<meta property=\"og:title\" content=\"ComprarGargantilla acero con coraz\u00f3n amatista | Valanta Bisuter\u00eda\" \/>\n<meta property=\"og:description\" content=\"Gargantilla vintage en acero plateado con doble cadena en forma de flor y adorno coraz\u00f3n con mineral amatista.  Al elegir esta pieza, creas tu propio talism\u00e1n. Te acompa\u00f1ar\u00e1 y te recordar\u00e1 los momentos m\u00e1s significativos de tu vida.  Largo cadena: 45cm m\u00e1s extensi\u00f3n  Medida pieza: 1x2cm  REF: LI7  \u00bf Cual es t\u00fa actitud ? positiva, clara y sin miedos  &nbsp;\" \/>\n<meta property=\"og:url\" content=\"https:\/\/www.valantabisuteria.com\/product\/gargantilla-corazon-purpura\/\" \/>\n<meta property=\"og:site_name\" content=\"Valanta Bisuter\u00eda\" \/>\n<meta property=\"article:modified_time\" content=\"2025-08-07T17:19:50+00:00\" \/>\n<meta property=\"og:image\" content=\"https:\/\/www.valantabisuteria.com\/wp-content\/uploads\/2023\/04\/Captura-de-pantalla-2023-04-10-1224251.png\" \/>\n\t<meta property=\"og:image:width\" content=\"355\" \/>\n\t<meta property=\"og:image:height\" content=\"473\" \/>\n\t<meta property=\"og:image:type\" content=\"image\/png\" \/>\n<meta name=\"twitter:card\" content=\"summary_large_image\" \/>\n<meta name=\"twitter:label1\" content=\"Est. reading time\" \/>\n\t<meta name=\"twitter:data1\" content=\"1 minute\" \/>\n<script type=\"application\/ld+json\" class=\"yoast-schema-graph\">{\"@context\":\"https:\/\/schema.org\",\"@graph\":[{\"@type\":\"WebPage\",\"@id\":\"https:\/\/www.valantabisuteria.com\/product\/gargantilla-corazon-purpura\/\",\"url\":\"https:\/\/www.valantabisuteria.com\/product\/gargantilla-corazon-purpura\/\",\"name\":\"ComprarGargantilla acero con coraz\u00f3n amatista | Valanta Bisuter\u00eda\",\"isPartOf\":{\"@id\":\"https:\/\/www.valantabisuteria.com\/#website\"},\"primaryImageOfPage\":{\"@id\":\"https:\/\/www.valantabisuteria.com\/product\/gargantilla-corazon-purpura\/#primaryimage\"},\"image\":{\"@id\":\"https:\/\/www.valantabisuteria.com\/product\/gargantilla-corazon-purpura\/#primaryimage\"},\"thumbnailUrl\":\"https:\/\/www.valantabisuteria.com\/wp-content\/uploads\/2023\/04\/Captura-de-pantalla-2023-04-10-1224251.png\",\"datePublished\":\"2023-04-17T08:11:43+00:00\",\"dateModified\":\"2025-08-07T17:19:50+00:00\",\"breadcrumb\":{\"@id\":\"https:\/\/www.valantabisuteria.com\/product\/gargantilla-corazon-purpura\/#breadcrumb\"},\"inLanguage\":\"en-US\",\"potentialAction\":[{\"@type\":\"ReadAction\",\"target\":[\"https:\/\/www.valantabisuteria.com\/product\/gargantilla-corazon-purpura\/\"]}]},{\"@type\":\"ImageObject\",\"inLanguage\":\"en-US\",\"@id\":\"https:\/\/www.valantabisuteria.com\/product\/gargantilla-corazon-purpura\/#primaryimage\",\"url\":\"https:\/\/www.valantabisuteria.com\/wp-content\/uploads\/2023\/04\/Captura-de-pantalla-2023-04-10-1224251.png\",\"contentUrl\":\"https:\/\/www.valantabisuteria.com\/wp-content\/uploads\/2023\/04\/Captura-de-pantalla-2023-04-10-1224251.png\",\"width\":355,\"height\":473,\"caption\":\"Gargantilla acero con coraz\u00f3n amatista\"},{\"@type\":\"BreadcrumbList\",\"@id\":\"https:\/\/www.valantabisuteria.com\/product\/gargantilla-corazon-purpura\/#breadcrumb\",\"itemListElement\":[{\"@type\":\"ListItem\",\"position\":1,\"name\":\"Portada\",\"item\":\"https:\/\/www.valantabisuteria.com\/\"},{\"@type\":\"ListItem\",\"position\":2,\"name\":\"Tienda\",\"item\":\"https:\/\/www.valantabisuteria.com\/tienda\/\"},{\"@type\":\"ListItem\",\"position\":3,\"name\":\"Gargantilla acero con coraz\u00f3n amatista\"}]},{\"@type\":\"WebSite\",\"@id\":\"https:\/\/www.valantabisuteria.com\/#website\",\"url\":\"https:\/\/www.valantabisuteria.com\/\",\"name\":\"Valanta Bisuter\u00eda\",\"description\":\"Joyas y Bisuter\u00eda de calidad\",\"publisher\":{\"@id\":\"https:\/\/www.valantabisuteria.com\/#organization\"},\"alternateName\":\"Valanta Bisuter\u00eda\",\"potentialAction\":[{\"@type\":\"SearchAction\",\"target\":{\"@type\":\"EntryPoint\",\"urlTemplate\":\"https:\/\/www.valantabisuteria.com\/?s={search_term_string}\"},\"query-input\":{\"@type\":\"PropertyValueSpecification\",\"valueRequired\":true,\"valueName\":\"search_term_string\"}}],\"inLanguage\":\"en-US\"},{\"@type\":\"Organization\",\"@id\":\"https:\/\/www.valantabisuteria.com\/#organization\",\"name\":\"Valanta Bisuter\u00eda\",\"url\":\"https:\/\/www.valantabisuteria.com\/\",\"logo\":{\"@type\":\"ImageObject\",\"inLanguage\":\"en-US\",\"@id\":\"https:\/\/www.valantabisuteria.com\/#\/schema\/logo\/image\/\",\"url\":\"https:\/\/valantabisuteria.com\/wp-content\/uploads\/2023\/02\/Logo-07-b.png\",\"contentUrl\":\"https:\/\/valantabisuteria.com\/wp-content\/uploads\/2023\/02\/Logo-07-b.png\",\"width\":800,\"height\":238,\"caption\":\"Valanta Bisuter\u00eda\"},\"image\":{\"@id\":\"https:\/\/www.valantabisuteria.com\/#\/schema\/logo\/image\/\"},\"sameAs\":[\"https:\/\/www.instagram.com\/valantabisuteria\/\"]}]}<\/script>\n<!-- \/ Yoast SEO plugin. -->","yoast_head_json":{"title":"ComprarGargantilla acero con coraz\u00f3n amatista | Valanta Bisuter\u00eda","robots":{"index":"index","follow":"follow","max-snippet":"max-snippet:-1","max-image-preview":"max-image-preview:large","max-video-preview":"max-video-preview:-1"},"canonical":"https:\/\/www.valantabisuteria.com\/product\/gargantilla-corazon-purpura\/","og_locale":"en_US","og_type":"article","og_title":"ComprarGargantilla acero con coraz\u00f3n amatista | Valanta Bisuter\u00eda","og_description":"Gargantilla vintage en acero plateado con doble cadena en forma de flor y adorno coraz\u00f3n con mineral amatista.  Al elegir esta pieza, creas tu propio talism\u00e1n. Te acompa\u00f1ar\u00e1 y te recordar\u00e1 los momentos m\u00e1s significativos de tu vida.  Largo cadena: 45cm m\u00e1s extensi\u00f3n  Medida pieza: 1x2cm  REF: LI7  \u00bf Cual es t\u00fa actitud ? positiva, clara y sin miedos  &nbsp;","og_url":"https:\/\/www.valantabisuteria.com\/product\/gargantilla-corazon-purpura\/","og_site_name":"Valanta Bisuter\u00eda","article_modified_time":"2025-08-07T17:19:50+00:00","og_image":[{"width":355,"height":473,"url":"https:\/\/www.valantabisuteria.com\/wp-content\/uploads\/2023\/04\/Captura-de-pantalla-2023-04-10-1224251.png","type":"image\/png"}],"twitter_card":"summary_large_image","twitter_misc":{"Est. reading time":"1 minute"},"schema":{"@context":"https:\/\/schema.org","@graph":[{"@type":"WebPage","@id":"https:\/\/www.valantabisuteria.com\/product\/gargantilla-corazon-purpura\/","url":"https:\/\/www.valantabisuteria.com\/product\/gargantilla-corazon-purpura\/","name":"ComprarGargantilla acero con coraz\u00f3n amatista | Valanta Bisuter\u00eda","isPartOf":{"@id":"https:\/\/www.valantabisuteria.com\/#website"},"primaryImageOfPage":{"@id":"https:\/\/www.valantabisuteria.com\/product\/gargantilla-corazon-purpura\/#primaryimage"},"image":{"@id":"https:\/\/www.valantabisuteria.com\/product\/gargantilla-corazon-purpura\/#primaryimage"},"thumbnailUrl":"https:\/\/www.valantabisuteria.com\/wp-content\/uploads\/2023\/04\/Captura-de-pantalla-2023-04-10-1224251.png","datePublished":"2023-04-17T08:11:43+00:00","dateModified":"2025-08-07T17:19:50+00:00","breadcrumb":{"@id":"https:\/\/www.valantabisuteria.com\/product\/gargantilla-corazon-purpura\/#breadcrumb"},"inLanguage":"en-US","potentialAction":[{"@type":"ReadAction","target":["https:\/\/www.valantabisuteria.com\/product\/gargantilla-corazon-purpura\/"]}]},{"@type":"ImageObject","inLanguage":"en-US","@id":"https:\/\/www.valantabisuteria.com\/product\/gargantilla-corazon-purpura\/#primaryimage","url":"https:\/\/www.valantabisuteria.com\/wp-content\/uploads\/2023\/04\/Captura-de-pantalla-2023-04-10-1224251.png","contentUrl":"https:\/\/www.valantabisuteria.com\/wp-content\/uploads\/2023\/04\/Captura-de-pantalla-2023-04-10-1224251.png","width":355,"height":473,"caption":"Gargantilla acero con coraz\u00f3n amatista"},{"@type":"BreadcrumbList","@id":"https:\/\/www.valantabisuteria.com\/product\/gargantilla-corazon-purpura\/#breadcrumb","itemListElement":[{"@type":"ListItem","position":1,"name":"Portada","item":"https:\/\/www.valantabisuteria.com\/"},{"@type":"ListItem","position":2,"name":"Tienda","item":"https:\/\/www.valantabisuteria.com\/tienda\/"},{"@type":"ListItem","position":3,"name":"Gargantilla acero con coraz\u00f3n amatista"}]},{"@type":"WebSite","@id":"https:\/\/www.valantabisuteria.com\/#website","url":"https:\/\/www.valantabisuteria.com\/","name":"Valanta Bisuter\u00eda","description":"Joyas y Bisuter\u00eda de calidad","publisher":{"@id":"https:\/\/www.valantabisuteria.com\/#organization"},"alternateName":"Valanta Bisuter\u00eda","potentialAction":[{"@type":"SearchAction","target":{"@type":"EntryPoint","urlTemplate":"https:\/\/www.valantabisuteria.com\/?s={search_term_string}"},"query-input":{"@type":"PropertyValueSpecification","valueRequired":true,"valueName":"search_term_string"}}],"inLanguage":"en-US"},{"@type":"Organization","@id":"https:\/\/www.valantabisuteria.com\/#organization","name":"Valanta Bisuter\u00eda","url":"https:\/\/www.valantabisuteria.com\/","logo":{"@type":"ImageObject","inLanguage":"en-US","@id":"https:\/\/www.valantabisuteria.com\/#\/schema\/logo\/image\/","url":"https:\/\/valantabisuteria.com\/wp-content\/uploads\/2023\/02\/Logo-07-b.png","contentUrl":"https:\/\/valantabisuteria.com\/wp-content\/uploads\/2023\/02\/Logo-07-b.png","width":800,"height":238,"caption":"Valanta Bisuter\u00eda"},"image":{"@id":"https:\/\/www.valantabisuteria.com\/#\/schema\/logo\/image\/"},"sameAs":["https:\/\/www.instagram.com\/valantabisuteria\/"]}]}},"_links":{"self":[{"href":"https:\/\/www.valantabisuteria.com\/en\/wp-json\/wp\/v2\/product\/29118","targetHints":{"allow":["GET"]}}],"collection":[{"href":"https:\/\/www.valantabisuteria.com\/en\/wp-json\/wp\/v2\/product"}],"about":[{"href":"https:\/\/www.valantabisuteria.com\/en\/wp-json\/wp\/v2\/types\/product"}],"wp:featuredmedia":[{"embeddable":true,"href":"https:\/\/www.valantabisuteria.com\/en\/wp-json\/wp\/v2\/media\/29119"}],"wp:attachment":[{"href":"https:\/\/www.valantabisuteria.com\/en\/wp-json\/wp\/v2\/media?parent=29118"}],"wp:term":[{"taxonomy":"product_brand","embeddable":true,"href":"https:\/\/www.valantabisuteria.com\/en\/wp-json\/wp\/v2\/product_brand?post=29118"},{"taxonomy":"product_cat","embeddable":true,"href":"https:\/\/www.valantabisuteria.com\/en\/wp-json\/wp\/v2\/product_cat?post=29118"},{"taxonomy":"product_tag","embeddable":true,"href":"https:\/\/www.valantabisuteria.com\/en\/wp-json\/wp\/v2\/product_tag?post=29118"}],"curies":[{"name":"wp","href":"https:\/\/api.w.org\/{rel}","templated":true}]}}